{"id":28,"date":"2021-04-06T21:11:24","date_gmt":"2021-04-06T21:11:24","guid":{"rendered":"https:\/\/lacollanadiperle.it\/?page_id=28"},"modified":"2021-04-16T17:16:31","modified_gmt":"2021-04-16T17:16:31","slug":"home-viaggio-leggera-chiara-micheli","status":"publish","type":"page","link":"https:\/\/lacollanadiperle.it\/","title":{"rendered":"Home"},"content":{"rendered":"\n<h2 class=\"has-text-align-center has-quaternary-color has-text-color wp-block-heading\"><em>DESCRIZIONE<\/em><\/h2>\n\n\n\n<p class=\"has-primary-color has-text-color\">Anna \u00e9 una donna bella, solare e custode di valori importanti.<\/p>\n\n\n\n<p class=\"has-primary-color has-text-color\">Proprietaria di un negozio di fiori che ha deciso di aprire dopo la Laurea in Lettere Antiche.<\/p>\n\n\n\n<p class=\"has-primary-color has-text-color\">Comporre fiori e cucinare per le persone che ama sono le sue passioni piu&#8217; grandi. <\/p>\n\n\n\n<p class=\"has-primary-color has-text-color\">La sua vita procede tra lavoro, cene con amiche e impegni vari quando arriva il lockdown Costretta a casa come tutti, si ritrova sola fra fiori, torte, i suoi amati cani.<\/p>\n\n\n\n<p class=\"has-primary-color has-text-color\"> I suoi pensieri e sogni.&nbsp;<\/p>\n\n\n\n<p class=\"has-primary-color has-text-color\">Anna aveva sempre sognato di partire e andare lontano.<\/p>\n\n\n\n<p class=\"has-primary-color has-text-color\">Facendo tesoro del tempo concessole&nbsp;realizza che la sua vita non \u00e8 completa.<\/p>\n\n\n\n<p class=\"has-primary-color has-text-color\">Ha ancora progetti e sogni da realizzare per troppo tempo rimasti chiusi in un cassetto.<\/p>\n\n\n\n<p class=\"has-primary-color has-text-color\">Riuscir\u00e0, Anna a prendere il coraggio e a realizzare tutto ci\u00f2 che ha sempre desiderato?<\/p>\n\n\n\n<blockquote class=\"wp-block-quote has-text-align-center is-layout-flow wp-block-quote-is-layout-flow\"><p>&nbsp;<strong>&#8221; Immagino il mio racconto breve come una pausa nella giornata incasinata di qualcuno&#8221;&nbsp;<\/strong><\/p><\/blockquote>\n\n\n\n<h4 class=\"has-text-align-center wp-block-heading\">Ci prendiamo una pausa insieme con il libro di viaggio leggera? <\/h4>\n\n\n\n<figure class=\"wp-block-image size-large\"><img loading=\"lazy\" decoding=\"async\" width=\"940\" height=\"788\" src=\"https:\/\/lacollanadiperle.it\/wp-content\/uploads\/2021\/04\/chiara-micheli-viaggio-leggera.png\" alt=\" 'libro viaggio leggera '\nCI PRENDIAMO UNA PAUSA INSIEME?\" class=\"wp-image-151\" srcset=\"https:\/\/lacollanadiperle.it\/wp-content\/uploads\/2021\/04\/chiara-micheli-viaggio-leggera.png 940w, https:\/\/lacollanadiperle.it\/wp-content\/uploads\/2021\/04\/chiara-micheli-viaggio-leggera-300x251.png 300w, https:\/\/lacollanadiperle.it\/wp-content\/uploads\/2021\/04\/chiara-micheli-viaggio-leggera-768x644.png 768w, https:\/\/lacollanadiperle.it\/wp-content\/uploads\/2021\/04\/chiara-micheli-viaggio-leggera-600x503.png 600w\" sizes=\"auto, (max-width: 940px) 100vw, 940px\" \/><\/figure>\n\n\n\n<h2 class=\"has-text-align-center has-quaternary-color has-text-color wp-block-heading\"><em>SULL&#8217;AUTORE<\/em> <\/h2>\n\n\n\n<div class=\"wp-block-columns is-layout-flex wp-container-core-columns-is-layout-9d6595d7 wp-block-columns-is-layout-flex\">\n<div class=\"wp-block-column is-layout-flow wp-block-column-is-layout-flow\" style=\"flex-basis:25%\"><\/div>\n\n\n\n<div class=\"wp-block-column is-layout-flow wp-block-column-is-layout-flow\" style=\"flex-basis:50%\">\n<iframe loading=\"lazy\" width=\"560\" height=\"315\" src=\"https:\/\/www.youtube.com\/embed\/zPMoaExyKOc\" title=\"YouTube video player\" frameborder=\"0\" allow=\"accelerometer; autoplay; clipboard-write; encrypted-media; gyroscope; picture-in-picture\" allowfullscreen=\"\"><\/iframe>\n\n\n\n<p class=\"has-text-align-center\">clicca qui per vedere il video su <a href=\"https:\/\/www.youtube.com\/watch?v=zPMoaExyKOc&amp;t=4s\">youtube<\/a><\/p>\n<\/div>\n\n\n\n<div class=\"wp-block-column is-layout-flow wp-block-column-is-layout-flow\" style=\"flex-basis:25%\"><\/div>\n<\/div>\n\n\n\n<p class=\"has-primary-color has-text-color\"><strong>Chiara Micheli<\/strong> \u00e9&nbsp;di origine Toscane, vive a Lucca, dopo gli studi entra presto nel mondo del lavoro in campo turistico e degli Eventi&nbsp; come&nbsp;Direttore di Agenzie Viaggi e Meeting Planner per importanti Tour Operators ed Agenzie di Eventi.<\/p>\n\n\n\n<p class=\"has-primary-color has-text-color\">Quando con la Pandemia il settore turistico si ferma, riprende i suoi studi in Psicologia e si forma professionalmente per diventare ed operare nel settore Digitale come Social Media Manager. <\/p>\n\n\n\n<p class=\"has-primary-color has-text-color\">Durante il lock down scrive<strong> &#8221; Viaggio Leggera!&#8221; <\/strong>di pancia, di getto e decide di proporlo agli Editori anzich\u00e8 rinchiuderlo in un cassetto. <\/p>\n\n\n\n<p class=\"has-primary-color has-text-color\">Albatros crede nel suo progetto e l&#8217;idea diventa realt\u00e0.&nbsp;<\/p>\n\n\n\n<p class=\"has-primary-color has-text-color\">Il messaggio di questo racconto \u00e8 che in ogni crisi si nasconde un&#8217;opportunit\u00e0, la tua grande opportunit\u00e0 sta a noi cercarla e coglierla.<\/p>\n\n\n\n<p class=\"has-text-align-center has-quaternary-color has-text-color\">Per maggior informazioni  :&nbsp;<a href=\"https:\/\/lacollanadiperle.it\/index.php\/contatti-2\/\">CLICCA QUI<\/a><\/p>\n","protected":false},"excerpt":{"rendered":"<p>DESCRIZIONE Anna \u00e9 una donna bella, solare e custode di valori importanti. Proprietaria di un negozio di fiori che ha&hellip;<\/p>\n","protected":false},"author":1,"featured_media":0,"parent":0,"menu_order":0,"comment_status":"closed","ping_status":"closed","template":"","meta":{"footnotes":""},"class_list":["post-28","page","type-page","status-publish","hentry"],"yoast_head":"<!-- This site is optimized with the Yoast SEO plugin v24.9 - https:\/\/yoast.com\/wordpress\/plugins\/seo\/ -->\n<title>libro Viaggio leggera! \u2013 Chiara Micheli. Home - VIAGGIO LEGGERA<\/title>\n<meta name=\"description\" content=\"libro .viaggio leggera . viaggio leggera di Chiara Micheli . romanzo italiano . romanzo viaggio leggera. libro shop online . Viaggio leggera! \u2013 Chiara Micheli.\" \/>\n<meta name=\"robots\" content=\"index, follow, max-snippet:-1, max-image-preview:large, max-video-preview:-1\" \/>\n<link rel=\"canonical\" href=\"https:\/\/lacollanadiperle.it\/\" \/>\n<meta property=\"og:locale\" content=\"it_IT\" \/>\n<meta property=\"og:type\" content=\"article\" \/>\n<meta property=\"og:title\" content=\"libro Viaggio leggera! \u2013 Chiara Micheli. Home - VIAGGIO LEGGERA\" \/>\n<meta property=\"og:description\" content=\"libro .viaggio leggera . viaggio leggera di Chiara Micheli . romanzo italiano . romanzo viaggio leggera. libro shop online . Viaggio leggera! \u2013 Chiara Micheli.\" \/>\n<meta property=\"og:url\" content=\"https:\/\/lacollanadiperle.it\/\" \/>\n<meta property=\"og:site_name\" content=\"VIAGGIO LEGGERA\" \/>\n<meta property=\"article:modified_time\" content=\"2021-04-16T17:16:31+00:00\" \/>\n<meta property=\"og:image\" content=\"https:\/\/lacollanadiperle.it\/wp-content\/uploads\/2021\/04\/chiara-micheli-viaggio-leggera.png\" \/>\n<meta name=\"twitter:card\" content=\"summary_large_image\" \/>\n<meta name=\"twitter:label1\" content=\"Tempo di lettura stimato\" \/>\n\t<meta name=\"twitter:data1\" content=\"2 minuti\" \/>\n<script type=\"application\/ld+json\" class=\"yoast-schema-graph\">{\"@context\":\"https:\/\/schema.org\",\"@graph\":[{\"@type\":\"WebPage\",\"@id\":\"https:\/\/lacollanadiperle.it\/\",\"url\":\"https:\/\/lacollanadiperle.it\/\",\"name\":\"libro Viaggio leggera! \u2013 Chiara Micheli. Home - VIAGGIO LEGGERA\",\"isPartOf\":{\"@id\":\"https:\/\/lacollanadiperle.it\/#website\"},\"primaryImageOfPage\":{\"@id\":\"https:\/\/lacollanadiperle.it\/#primaryimage\"},\"image\":{\"@id\":\"https:\/\/lacollanadiperle.it\/#primaryimage\"},\"thumbnailUrl\":\"https:\/\/lacollanadiperle.it\/wp-content\/uploads\/2021\/04\/chiara-micheli-viaggio-leggera.png\",\"datePublished\":\"2021-04-06T21:11:24+00:00\",\"dateModified\":\"2021-04-16T17:16:31+00:00\",\"description\":\"libro .viaggio leggera . viaggio leggera di Chiara Micheli . romanzo italiano . romanzo viaggio leggera. libro shop online . Viaggio leggera! \u2013 Chiara Micheli.\",\"breadcrumb\":{\"@id\":\"https:\/\/lacollanadiperle.it\/#breadcrumb\"},\"inLanguage\":\"it-IT\",\"potentialAction\":[{\"@type\":\"ReadAction\",\"target\":[\"https:\/\/lacollanadiperle.it\/\"]}]},{\"@type\":\"ImageObject\",\"inLanguage\":\"it-IT\",\"@id\":\"https:\/\/lacollanadiperle.it\/#primaryimage\",\"url\":\"https:\/\/lacollanadiperle.it\/wp-content\/uploads\/2021\/04\/chiara-micheli-viaggio-leggera.png\",\"contentUrl\":\"https:\/\/lacollanadiperle.it\/wp-content\/uploads\/2021\/04\/chiara-micheli-viaggio-leggera.png\",\"width\":940,\"height\":788,\"caption\":\"rich result on google's SERP when searching for 'libro viaggio leggera'\"},{\"@type\":\"BreadcrumbList\",\"@id\":\"https:\/\/lacollanadiperle.it\/#breadcrumb\",\"itemListElement\":[{\"@type\":\"ListItem\",\"position\":1,\"name\":\"Home\",\"item\":\"https:\/\/lacollanadiperle.it\/\"},{\"@type\":\"ListItem\",\"position\":2,\"name\":\"Home\"}]},{\"@type\":\"WebSite\",\"@id\":\"https:\/\/lacollanadiperle.it\/#website\",\"url\":\"https:\/\/lacollanadiperle.it\/\",\"name\":\"VIAGGIO LEGGERA\",\"description\":\"\",\"publisher\":{\"@id\":\"https:\/\/lacollanadiperle.it\/#\/schema\/person\/eb31ecc56182a7fc9a12e97eb9c4ca27\"},\"potentialAction\":[{\"@type\":\"SearchAction\",\"target\":{\"@type\":\"EntryPoint\",\"urlTemplate\":\"https:\/\/lacollanadiperle.it\/?s={search_term_string}\"},\"query-input\":{\"@type\":\"PropertyValueSpecification\",\"valueRequired\":true,\"valueName\":\"search_term_string\"}}],\"inLanguage\":\"it-IT\"},{\"@type\":[\"Person\",\"Organization\"],\"@id\":\"https:\/\/lacollanadiperle.it\/#\/schema\/person\/eb31ecc56182a7fc9a12e97eb9c4ca27\",\"name\":\"admin\",\"image\":{\"@type\":\"ImageObject\",\"inLanguage\":\"it-IT\",\"@id\":\"https:\/\/lacollanadiperle.it\/#\/schema\/person\/image\/\",\"url\":\"https:\/\/lacollanadiperle.it\/wp-content\/uploads\/2021\/04\/cropped-viaggio-leggera-logo.png\",\"contentUrl\":\"https:\/\/lacollanadiperle.it\/wp-content\/uploads\/2021\/04\/cropped-viaggio-leggera-logo.png\",\"width\":221,\"height\":232,\"caption\":\"admin\"},\"logo\":{\"@id\":\"https:\/\/lacollanadiperle.it\/#\/schema\/person\/image\/\"},\"sameAs\":[\"https:\/\/lacollanadiperle.it\"]}]}<\/script>\n<!-- \/ Yoast SEO plugin. -->","yoast_head_json":{"title":"libro Viaggio leggera! \u2013 Chiara Micheli. Home - VIAGGIO LEGGERA","description":"libro .viaggio leggera . viaggio leggera di Chiara Micheli . romanzo italiano . romanzo viaggio leggera. libro shop online . Viaggio leggera! \u2013 Chiara Micheli.","robots":{"index":"index","follow":"follow","max-snippet":"max-snippet:-1","max-image-preview":"max-image-preview:large","max-video-preview":"max-video-preview:-1"},"canonical":"https:\/\/lacollanadiperle.it\/","og_locale":"it_IT","og_type":"article","og_title":"libro Viaggio leggera! \u2013 Chiara Micheli. Home - VIAGGIO LEGGERA","og_description":"libro .viaggio leggera . viaggio leggera di Chiara Micheli . romanzo italiano . romanzo viaggio leggera. libro shop online . Viaggio leggera! \u2013 Chiara Micheli.","og_url":"https:\/\/lacollanadiperle.it\/","og_site_name":"VIAGGIO LEGGERA","article_modified_time":"2021-04-16T17:16:31+00:00","og_image":[{"url":"https:\/\/lacollanadiperle.it\/wp-content\/uploads\/2021\/04\/chiara-micheli-viaggio-leggera.png","type":"","width":"","height":""}],"twitter_card":"summary_large_image","twitter_misc":{"Tempo di lettura stimato":"2 minuti"},"schema":{"@context":"https:\/\/schema.org","@graph":[{"@type":"WebPage","@id":"https:\/\/lacollanadiperle.it\/","url":"https:\/\/lacollanadiperle.it\/","name":"libro Viaggio leggera! \u2013 Chiara Micheli. Home - VIAGGIO LEGGERA","isPartOf":{"@id":"https:\/\/lacollanadiperle.it\/#website"},"primaryImageOfPage":{"@id":"https:\/\/lacollanadiperle.it\/#primaryimage"},"image":{"@id":"https:\/\/lacollanadiperle.it\/#primaryimage"},"thumbnailUrl":"https:\/\/lacollanadiperle.it\/wp-content\/uploads\/2021\/04\/chiara-micheli-viaggio-leggera.png","datePublished":"2021-04-06T21:11:24+00:00","dateModified":"2021-04-16T17:16:31+00:00","description":"libro .viaggio leggera . viaggio leggera di Chiara Micheli . romanzo italiano . romanzo viaggio leggera. libro shop online . Viaggio leggera! \u2013 Chiara Micheli.","breadcrumb":{"@id":"https:\/\/lacollanadiperle.it\/#breadcrumb"},"inLanguage":"it-IT","potentialAction":[{"@type":"ReadAction","target":["https:\/\/lacollanadiperle.it\/"]}]},{"@type":"ImageObject","inLanguage":"it-IT","@id":"https:\/\/lacollanadiperle.it\/#primaryimage","url":"https:\/\/lacollanadiperle.it\/wp-content\/uploads\/2021\/04\/chiara-micheli-viaggio-leggera.png","contentUrl":"https:\/\/lacollanadiperle.it\/wp-content\/uploads\/2021\/04\/chiara-micheli-viaggio-leggera.png","width":940,"height":788,"caption":"rich result on google's SERP when searching for 'libro viaggio leggera'"},{"@type":"BreadcrumbList","@id":"https:\/\/lacollanadiperle.it\/#breadcrumb","itemListElement":[{"@type":"ListItem","position":1,"name":"Home","item":"https:\/\/lacollanadiperle.it\/"},{"@type":"ListItem","position":2,"name":"Home"}]},{"@type":"WebSite","@id":"https:\/\/lacollanadiperle.it\/#website","url":"https:\/\/lacollanadiperle.it\/","name":"VIAGGIO LEGGERA","description":"","publisher":{"@id":"https:\/\/lacollanadiperle.it\/#\/schema\/person\/eb31ecc56182a7fc9a12e97eb9c4ca27"},"potentialAction":[{"@type":"SearchAction","target":{"@type":"EntryPoint","urlTemplate":"https:\/\/lacollanadiperle.it\/?s={search_term_string}"},"query-input":{"@type":"PropertyValueSpecification","valueRequired":true,"valueName":"search_term_string"}}],"inLanguage":"it-IT"},{"@type":["Person","Organization"],"@id":"https:\/\/lacollanadiperle.it\/#\/schema\/person\/eb31ecc56182a7fc9a12e97eb9c4ca27","name":"admin","image":{"@type":"ImageObject","inLanguage":"it-IT","@id":"https:\/\/lacollanadiperle.it\/#\/schema\/person\/image\/","url":"https:\/\/lacollanadiperle.it\/wp-content\/uploads\/2021\/04\/cropped-viaggio-leggera-logo.png","contentUrl":"https:\/\/lacollanadiperle.it\/wp-content\/uploads\/2021\/04\/cropped-viaggio-leggera-logo.png","width":221,"height":232,"caption":"admin"},"logo":{"@id":"https:\/\/lacollanadiperle.it\/#\/schema\/person\/image\/"},"sameAs":["https:\/\/lacollanadiperle.it"]}]}},"_links":{"self":[{"href":"https:\/\/lacollanadiperle.it\/index.php\/wp-json\/wp\/v2\/pages\/28","targetHints":{"allow":["GET"]}}],"collection":[{"href":"https:\/\/lacollanadiperle.it\/index.php\/wp-json\/wp\/v2\/pages"}],"about":[{"href":"https:\/\/lacollanadiperle.it\/index.php\/wp-json\/wp\/v2\/types\/page"}],"author":[{"embeddable":true,"href":"https:\/\/lacollanadiperle.it\/index.php\/wp-json\/wp\/v2\/users\/1"}],"replies":[{"embeddable":true,"href":"https:\/\/lacollanadiperle.it\/index.php\/wp-json\/wp\/v2\/comments?post=28"}],"version-history":[{"count":39,"href":"https:\/\/lacollanadiperle.it\/index.php\/wp-json\/wp\/v2\/pages\/28\/revisions"}],"predecessor-version":[{"id":222,"href":"https:\/\/lacollanadiperle.it\/index.php\/wp-json\/wp\/v2\/pages\/28\/revisions\/222"}],"wp:attachment":[{"href":"https:\/\/lacollanadiperle.it\/index.php\/wp-json\/wp\/v2\/media?parent=28"}],"curies":[{"name":"wp","href":"https:\/\/api.w.org\/{rel}","templated":true}]}}